{"id":90,"date":"2026-07-14T14:45:14","date_gmt":"2026-07-14T13:45:14","guid":{"rendered":"https:\/\/site.griechischeschule-zuerich.ch\/?page_id=90"},"modified":"2026-08-30T12:35:22","modified_gmt":"2026-08-30T11:35:22","slug":"startseite","status":"publish","type":"page","link":"https:\/\/site.griechischeschule-zuerich.ch\/index.php\/de\/startseite\/","title":{"rendered":"Startseite"},"content":{"rendered":"\n<div class=\"wp-block-cover is-light\" style=\"min-height:302px;aspect-ratio:unset;\"><img loading=\"lazy\" decoding=\"async\" width=\"810\" height=\"540\" class=\"wp-block-cover__image-background wp-image-131 size-full\" alt=\"\" src=\"https:\/\/site.griechischeschule-zuerich.ch\/wp-content\/uploads\/2026\/07\/happy-teacher-listening-her-students-edited.jpg\" style=\"object-position:48% 0%\" data-object-fit=\"cover\" data-object-position=\"48% 0%\" srcset=\"https:\/\/site.griechischeschule-zuerich.ch\/wp-content\/uploads\/2026\/07\/happy-teacher-listening-her-students-edited.jpg 810w, https:\/\/site.griechischeschule-zuerich.ch\/wp-content\/uploads\/2026\/07\/happy-teacher-listening-her-students-edited-300x200.jpg 300w, https:\/\/site.griechischeschule-zuerich.ch\/wp-content\/uploads\/2026\/07\/happy-teacher-listening-her-students-edited-768x512.jpg 768w\" sizes=\"auto, (max-width: 810px) 100vw, 810px\" \/><span aria-hidden=\"true\" class=\"wp-block-cover__background has-background-dim\" style=\"background-color:#a99282\"><\/span><div class=\"wp-block-cover__inner-container is-layout-constrained wp-block-cover-is-layout-constrained\">\n<h1 class=\"wp-block-heading has-palette-color-7-color has-text-color has-link-color wp-elements-1\">Herzlich willkommen!<\/h1>\n\n\n\n<p class=\"has-palette-color-7-color has-text-color has-link-color wp-elements-2 wp-block-paragraph\">\u03a4\u03bc\u03ae\u03bc\u03b1 \u0395\u03bb\u03bb\u03b7\u03bd\u03b9\u03ba\u03ae\u03c2 \u0393\u03bb\u03ce\u03c3\u03c3\u03b1\u03c2 \u03ba\u03b1\u03b9 \u03a0\u03bf\u03bb\u03b9\u03c4\u03b9\u03c3\u03bc\u03bf\u03cd \u0396\u03c5\u03c1\u03af\u03c7\u03b7\u03c2, Bungertwies<\/p>\n\n\n\n<p class=\"has-palette-color-7-color has-text-color has-link-color wp-elements-3 wp-block-paragraph\">Der HSK-Kurs Griechische Sprache und Kultur, Z\u00fcrich, Bungertwies ist einer der <a href=\"http:\/\/griechische-schulen.ch\/\">4 anerkannten HSK-Kurse<\/a> (zusammen mit den HSK-Kursen Griechisch <a href=\"https:\/\/griechischeschule.ch\/\">Apfelbaum<\/a>, <a href=\"https:\/\/triton-schule.ch\/\">Triton<\/a> und <a href=\"https:\/\/gr-schule-winterthur.ch\/\">Winterthur<\/a>), die im Kanton Z\u00fcrich t\u00e4tig sind. Diese Kurse erf\u00fcllen nicht nur die Bed\u00fcrfnisse der Sch\u00fclerinnen und Sch\u00fcler im Kanton Z\u00fcrich, sondern auch jene aus den Nachbarkantonen. Der Unterricht findet jeden Samstagmorgen von 8.45 bis 12.30 Uhr im Schulhaus Bungertwies statt.<\/p>\n\n\n\n<p class=\"has-palette-color-7-color has-text-color has-link-color wp-elements-4 wp-block-paragraph\">Diese Website ist eine Initiative des Elternvereins, der aktiv am Betrieb des Kurses mitwirkt.<\/p>\n<\/div><\/div>\n\n\n\n<pre class=\"wp-block-preformatted has-medium-font-size\">Das Schuljahr 2026\/2027 begann am Samstag, dem 22. August. Wir w\u00fcnschen unseren Sch\u00fclern und Mitarbeitern ein gro\u00dfartiges Jahr.<\/pre>\n\n\n<div\r\n    \tclass=\"alignwide wp-block-ctrb-counters\"    id='ctrbCounters-1'\r\n    data-attributes='{&quot;counters&quot;:[{&quot;background&quot;:{&quot;color&quot;:&quot;#0000&quot;,&quot;type&quot;:&quot;solid&quot;},&quot;icon&quot;:{&quot;class&quot;:&quot;&quot;,&quot;fontSize&quot;:32,&quot;color&quot;:&quot;#146EF5&quot;,&quot;bg&quot;:{&quot;color&quot;:&quot;#0000&quot;}},&quot;number&quot;:{&quot;start&quot;:20,&quot;end&quot;:40,&quot;stagger&quot;:0,&quot;prefix&quot;:&quot;&quot;,&quot;suffix&quot;:&quot;+&quot;,&quot;color&quot;:&quot;var(--theme-palette-color-4, #192a3d)&quot;,&quot;dataSource&quot;:&quot;static&quot;,&quot;statType&quot;:&quot;posts&quot;},&quot;label&quot;:{&quot;text&quot;:&quot;Betriebsjahre&quot;,&quot;color&quot;:&quot;var(--theme-palette-color-4, #192a3d)&quot;}},{&quot;background&quot;:{&quot;color&quot;:&quot;#0000&quot;,&quot;type&quot;:&quot;solid&quot;},&quot;icon&quot;:{&quot;class&quot;:&quot;&quot;,&quot;fontSize&quot;:32,&quot;color&quot;:&quot;#146EF5&quot;,&quot;bg&quot;:{&quot;color&quot;:&quot;#0000&quot;}},&quot;number&quot;:{&quot;start&quot;:150,&quot;end&quot;:250,&quot;stagger&quot;:0,&quot;prefix&quot;:&quot;&quot;,&quot;suffix&quot;:&quot;&quot;,&quot;color&quot;:&quot;rgba(0, 0, 0, 1)&quot;,&quot;dataSource&quot;:&quot;static&quot;,&quot;statType&quot;:&quot;posts&quot;},&quot;label&quot;:{&quot;text&quot;:&quot;Studenten&quot;,&quot;color&quot;:&quot;rgba(0, 0, 0, 1)&quot;}},{&quot;background&quot;:{&quot;color&quot;:&quot;#0000&quot;,&quot;type&quot;:&quot;solid&quot;},&quot;icon&quot;:{&quot;class&quot;:&quot;&quot;,&quot;fontSize&quot;:32,&quot;color&quot;:&quot;#146EF5&quot;,&quot;bg&quot;:{&quot;color&quot;:&quot;#0000&quot;}},&quot;number&quot;:{&quot;start&quot;:10,&quot;end&quot;:15,&quot;stagger&quot;:0,&quot;prefix&quot;:&quot;&quot;,&quot;suffix&quot;:&quot;&quot;,&quot;color&quot;:&quot;var(--theme-palette-color-4, #192a3d)&quot;,&quot;dataSource&quot;:&quot;static&quot;,&quot;statType&quot;:&quot;posts&quot;},&quot;label&quot;:{&quot;text&quot;:&quot;Lehrer&quot;,&quot;color&quot;:&quot;var(--theme-palette-color-4, #192a3d)&quot;}}],&quot;theme&quot;:&quot;theme2&quot;,&quot;columns&quot;:{&quot;desktop&quot;:3,&quot;tablet&quot;:3,&quot;mobile&quot;:1},&quot;background&quot;:{&quot;color&quot;:&quot;#0000&quot;,&quot;type&quot;:&quot;solid&quot;},&quot;padding&quot;:{&quot;vertical&quot;:&quot;0px&quot;,&quot;horizontal&quot;:&quot;0px&quot;},&quot;counterHeight&quot;:&quot;100px&quot;,&quot;iconPosition&quot;:&quot;label&quot;,&quot;numberTypo&quot;:{&quot;fontSize&quot;:{&quot;desktop&quot;:&quot;48px&quot;,&quot;tablet&quot;:&quot;40px&quot;,&quot;mobile&quot;:&quot;32px&quot;},&quot;fontWeight&quot;:&quot;500&quot;},&quot;labelTypo&quot;:{&quot;fontSize&quot;:{&quot;desktop&quot;:&quot;22px&quot;,&quot;tablet&quot;:&quot;20px&quot;,&quot;mobile&quot;:&quot;18px&quot;},&quot;fontWeight&quot;:&quot;400&quot;,&quot;letterSpace&quot;:&quot;normal&quot;},&quot;counterPadding&quot;:{&quot;vertical&quot;:&quot;0px&quot;,&quot;horizontal&quot;:&quot;0px&quot;},&quot;counterBorder&quot;:{&quot;radius&quot;:&quot;5px&quot;,&quot;width&quot;:&quot;0px&quot;,&quot;color&quot;:&quot;#146EF5&quot;,&quot;side&quot;:&quot;all&quot;},&quot;numberBox&quot;:[],&quot;iconContainer&quot;:{&quot;dimensions&quot;:[]},&quot;dataSource&quot;:&quot;static&quot;,&quot;align&quot;:&quot;wide&quot;,&quot;columnGap&quot;:&quot;20px&quot;,&quot;rowGap&quot;:&quot;30px&quot;,&quot;duration&quot;:2000,&quot;separator&quot;:{&quot;char&quot;:&quot;&quot;},&quot;textAlign&quot;:&quot;center&quot;,&quot;counterWidth&quot;:&quot;250px&quot;,&quot;isIcon&quot;:true,&quot;iconSize&quot;:50,&quot;isLabel&quot;:true,&quot;isSubLabel&quot;:false,&quot;subLabelTypo&quot;:{&quot;fontSize&quot;:{&quot;desktop&quot;:&quot;14px&quot;,&quot;tablet&quot;:&quot;12px&quot;,&quot;mobile&quot;:&quot;12px&quot;}},&quot;counterShadow&quot;:[],&quot;counterMultiShadow&quot;:[{&quot;hOffset&quot;:&quot;0px&quot;,&quot;vOffset&quot;:&quot;4px&quot;,&quot;blur&quot;:&quot;6px&quot;,&quot;spread&quot;:&quot;-1px&quot;,&quot;color&quot;:&quot;rgba(0, 0, 0, 0.1)&quot;,&quot;isInset&quot;:false},{&quot;hOffset&quot;:&quot;0px&quot;,&quot;vOffset&quot;:&quot;2px&quot;,&quot;blur&quot;:&quot;4px&quot;,&quot;spread&quot;:&quot;-2px&quot;,&quot;color&quot;:&quot;rgba(0, 0, 0, 0.1)&quot;,&quot;isInset&quot;:false}],&quot;counterHoverMultiShadow&quot;:[{&quot;hOffset&quot;:&quot;0px&quot;,&quot;vOffset&quot;:&quot;10px&quot;,&quot;blur&quot;:&quot;15px&quot;,&quot;spread&quot;:&quot;-3px&quot;,&quot;color&quot;:&quot;rgba(0, 0, 0, 0.1)&quot;,&quot;isInset&quot;:false},{&quot;hOffset&quot;:&quot;0px&quot;,&quot;vOffset&quot;:&quot;4px&quot;,&quot;blur&quot;:&quot;6px&quot;,&quot;spread&quot;:&quot;-4px&quot;,&quot;color&quot;:&quot;rgba(0, 0, 0, 0.1)&quot;,&quot;isInset&quot;:false}],&quot;circle&quot;:{&quot;radius&quot;:70,&quot;stroke&quot;:9},&quot;proControls&quot;:{&quot;isReverse&quot;:false,&quot;decimals&quot;:0,&quot;easing&quot;:&quot;linear&quot;,&quot;delay&quot;:0,&quot;repeatOnScroll&quot;:false,&quot;isAnimateIcon&quot;:false,&quot;animationType&quot;:&quot;classic&quot;,&quot;rollingStaggerMode&quot;:&quot;per-counter&quot;,&quot;trigger&quot;:&quot;onVisible&quot;,&quot;customTriggerSelector&quot;:&quot;&quot;}}'\r\n><\/div>\n\n\n<div class='pt-cv-wrapper'> <h3 class=\"pt-cv-heading-container heading1\" data-blockid=\"drtvvw91\"><span class=\"pt-cv-heading\"> Unsere Neuigkeiten <\/span><\/h3><div class=\"pt-cv-view pt-cv-scrollable pt-cv-colsys iscvblock iscvreal scrollable layout1\" id=\"pt-cv-view-drtvvw91\"><div data-id=\"pt-cv-page-1\" class=\"pt-cv-page\" data-cvc=\"2\"><div id=\"7d3468b9kn\" class=\"pt-cv-carousel pt-cv-slide\" data-ride=\"cvcarousel\" data-interval=false>\n<div class=\"carousel-inner\"><div class=\"item active\"><div class=\"row\"><div class=\"col-md-6 pt-cv-content-item pt-cv-1-col\" ><div class=\"pt-cv-thumb-wrapper  \"><a href=\"https:\/\/site.griechischeschule-zuerich.ch\/index.php\/de\/2026\/07\/14\/anmeldung-fuer-das-schuljahr-2026-2027\/\" class=\"_self pt-cv-href-thumbnail pt-cv-thumb-default\" target=\"_self\" ><img loading=\"lazy\" decoding=\"async\" width=\"768\" height=\"512\" src=\"https:\/\/site.griechischeschule-zuerich.ch\/wp-content\/uploads\/2026\/07\/mick-haupt-oFe6dvmuZkc-unsplash-768x512.jpg\" class=\"pt-cv-thumbnail\" alt=\"\" \/><\/a><\/div>\n<div class=\"pt-cv-carousel-caption pt-cv-cap-w-img\"><div class=\"pt-cv-taxoterm above_title\"><a href='https:\/\/site.griechischeschule-zuerich.ch\/index.php\/de\/category\/news-de\/' title='Nachricht' class='pt-cv-tax-news-de'>Nachricht<\/a><\/div>\n<h4 class=\"pt-cv-title\"><a href=\"https:\/\/site.griechischeschule-zuerich.ch\/index.php\/de\/2026\/07\/14\/anmeldung-fuer-das-schuljahr-2026-2027\/\" class=\"_self\" target=\"_self\" >Anmeldung f\u00fcr das Schuljahr 2026-2027<\/a><\/h4>\n<div class=\"pt-cv-content\">Die Anmeldungen f\u00fcr das Schuljahr 2026-2027 beginnen am 12 Mai 2026 &#8230;<\/div>\n<div class=\"pt-cv-rmwrap\"><a href=\"https:\/\/site.griechischeschule-zuerich.ch\/index.php\/de\/2026\/07\/14\/anmeldung-fuer-das-schuljahr-2026-2027\/\" class=\"_self pt-cv-readmore btn btn-success\" target=\"_self\" >\u03a0\u03b5\u03c1\u03b9\u03c3\u03c3\u03cc\u03c4\u03b5\u03c1\u03b1<\/a><\/div><\/div><\/div>\n<div class=\"col-md-6 pt-cv-content-item pt-cv-1-col\" ><div class=\"pt-cv-thumb-wrapper  \"><a href=\"https:\/\/site.griechischeschule-zuerich.ch\/index.php\/de\/2026\/07\/14\/fernlernkurse-fuer-griechische-kinder-der-griechischen-diaspora\/\" class=\"_self pt-cv-href-thumbnail pt-cv-thumb-default\" target=\"_self\" ><img loading=\"lazy\" decoding=\"async\" width=\"378\" height=\"148\" src=\"https:\/\/site.griechischeschule-zuerich.ch\/wp-content\/uploads\/2026\/07\/brussels.png\" class=\"pt-cv-thumbnail\" alt=\"\" \/><\/a><\/div>\n<div class=\"pt-cv-carousel-caption pt-cv-cap-w-img\"><div class=\"pt-cv-taxoterm above_title\"><a href='https:\/\/site.griechischeschule-zuerich.ch\/index.php\/de\/category\/news-de\/' title='Nachricht' class='pt-cv-tax-news-de'>Nachricht<\/a><\/div>\n<h4 class=\"pt-cv-title\"><a href=\"https:\/\/site.griechischeschule-zuerich.ch\/index.php\/de\/2026\/07\/14\/fernlernkurse-fuer-griechische-kinder-der-griechischen-diaspora\/\" class=\"_self\" target=\"_self\" >Fernlernkurse f\u00fcr griechische Kinder der griechischen Diaspora<\/a><\/h4>\n<div class=\"pt-cv-content\">Das Br\u00fcsseler Koordinierungsb\u00fcro wird in Zusammenarbeit mit den P\u00e4dagogen der ihm unterstellten L\u00e4nder im Schuljahr 2026-2027 folgende Klassen im Fernunterricht &#8230;<\/div>\n<div class=\"pt-cv-rmwrap\"><a href=\"https:\/\/site.griechischeschule-zuerich.ch\/index.php\/de\/2026\/07\/14\/fernlernkurse-fuer-griechische-kinder-der-griechischen-diaspora\/\" class=\"_self pt-cv-readmore btn btn-success\" target=\"_self\" >\u03a0\u03b5\u03c1\u03b9\u03c3\u03c3\u03cc\u03c4\u03b5\u03c1\u03b1<\/a><\/div><\/div><\/div><\/div><\/div><\/div>\n<\/div><\/div><\/div> <\/div> <style>\n\n#pt-cv-view-drtvvw91 .pt-cv-meta-fields {  }#pt-cv-view-drtvvw91 .pt-cv-meta-fields * { font-size: 13px; }#pt-cv-view-drtvvw91 .pt-cv-thumb-wrapper:not(.miniwrap) { width: 100%; }#pt-cv-view-drtvvw91 .pt-cv-thumbnail:not(.pt-cv-thumbnailsm) { height: 300px; }#pt-cv-view-drtvvw91 .pt-cv-title a { display: block; }#pt-cv-view-drtvvw91 .pt-cv-title:not(.pt-cv-titlesm) a { font-weight: 600;text-decoration: none;font-size: 20px; }#pt-cv-view-drtvvw91 .pt-cv-titlesm a { font-weight: 600;font-size: 18px; }#pt-cv-view-drtvvw91 .pt-cv-content { font-size: 15px; }#pt-cv-view-drtvvw91 .pt-cv-rmwrap {  }#pt-cv-view-drtvvw91 .pt-cv-readmore { color: #fff;background-color: #0075ff;font-size: 14px; }#pt-cv-view-drtvvw91 .pt-cv-taxoterm {  }#pt-cv-view-drtvvw91 .pt-cv-taxoterm * { color: #222;background-color: #fff6f6;font-size: 14px; }#pt-cv-view-drtvvw91 + .pt-cv-pagination-wrapper {  }#pt-cv-view-drtvvw91 + .pt-cv-pagination-wrapper a { font-size: 14px; }\n@media all and (max-width: 1024px) { \n\n} \n@media all and (max-width: 767px) { \n\n} <\/style>\n\n\n<div class=\"wp-block-columns is-layout-flex wp-container-core-columns-is-layout-995f960e wp-block-columns-is-layout-flex\">\n<div class=\"wp-block-column is-layout-flow wp-block-column-is-layout-flow\">\n<h3 class=\"wp-block-heading\">HSK-Kurs Griechische Sprache und Kultur, Z\u00fcrich, Bungertwies<\/h3>\n\n\n\n<p class=\"alignwide wp-block-paragraph\">Der HSK-Kurs Griechische Sprache und Kultur, Z\u00fcrich, Bungertwies steht unter der \u00c4gide des griechischen Bildungsministeriums und wird von entsandten Lehrkr\u00e4ften aus Griechenland unterrichtet. Der Kurs ist offiziell als HSK-Kurs (Heimatliche Sprache und Kultur) anerkannt. Der HSK-Kurs besteht seit den 1970er Jahren und ist vom griechischen Staat anerkannt. Ziel des Kurses ist die Vermittlung der griechischen Sprache und Kultur an Kinder und Jugendliche. Unsere Philosophie basiert auf einer freundlichen und unterst\u00fctzenden Atmosph\u00e4re zwischen Sch\u00fclern, Lehrkr\u00e4ften und Eltern<strong>.<\/strong><\/p>\n<\/div>\n\n\n\n<div class=\"wp-block-column is-layout-flow wp-block-column-is-layout-flow\">\n<h3 class=\"wp-block-heading\">Kontaktinformation<\/h3>\n\n\n\n<p class=\"wp-block-paragraph\"><strong>HSK-Kurs Griechische Sprache und Kultur, Z\u00fcrich, Bungertwies<\/strong><br>Fr\u00fchf\u00f6rderstufe, Primarstufe und weiterf\u00fchrende Stufe<\/p>\n\n\n\n<p class=\"wp-block-paragraph\"><strong>Schulhaus Bungertwies<\/strong><br>Hofstrasse 62, 8032 Z\u00fcrich<\/p>\n\n\n\n<p class=\"wp-block-paragraph\"><strong>Email<\/strong><br>info@griechischeschule-zuerich.ch<\/p>\n\n\n\n<p class=\"wp-block-paragraph\"><strong>\u00d6ffnungszeiten<\/strong><br>Samstag 08:45 -12:30<\/p>\n\n\n\n<p class=\"wp-block-paragraph\"><strong>Jahresplan<\/strong><br><a href=\"https:\/\/drive.google.com\/file\/d\/1coc-a6KLaGPn9e3DlB1AWgHTid_OmIMI\/view?usp=sharing\">Jahresplan 2026-2027<\/a><\/p>\n<\/div>\n<\/div>\n","protected":false},"excerpt":{"rendered":"<p>Das Schuljahr 2026\/2027 begann am Samstag, dem 22. August. Wir w\u00fcnschen unseren Sch\u00fclern und Mitarbeitern ein gro\u00dfartiges Jahr. HSK-Kurs Griechische Sprache und Kultur, Z\u00fcrich, Bungertwies Der HSK-Kurs Griechische Sprache und Kultur, Z\u00fcrich, Bungertwies steht unter der \u00c4gide des griechischen Bildungsministeriums und wird von entsandten Lehrkr\u00e4ften aus Griechenland unterrichtet. Der Kurs ist offiziell als HSK-Kurs (Heimatliche [&hellip;]<\/p>\n","protected":false},"author":1,"featured_media":0,"parent":0,"menu_order":0,"comment_status":"closed","ping_status":"closed","template":"","meta":{"footnotes":""},"class_list":["post-90","page","type-page","status-publish","hentry"],"blocksy_meta":{"styles_descriptor":{"styles":{"desktop":"","tablet":"","mobile":""},"google_fonts":[],"version":8}},"_links":{"self":[{"href":"https:\/\/site.griechischeschule-zuerich.ch\/index.php\/wp-json\/wp\/v2\/pages\/90","targetHints":{"allow":["GET"]}}],"collection":[{"href":"https:\/\/site.griechischeschule-zuerich.ch\/index.php\/wp-json\/wp\/v2\/pages"}],"about":[{"href":"https:\/\/site.griechischeschule-zuerich.ch\/index.php\/wp-json\/wp\/v2\/types\/page"}],"author":[{"embeddable":true,"href":"https:\/\/site.griechischeschule-zuerich.ch\/index.php\/wp-json\/wp\/v2\/users\/1"}],"replies":[{"embeddable":true,"href":"https:\/\/site.griechischeschule-zuerich.ch\/index.php\/wp-json\/wp\/v2\/comments?post=90"}],"version-history":[{"count":7,"href":"https:\/\/site.griechischeschule-zuerich.ch\/index.php\/wp-json\/wp\/v2\/pages\/90\/revisions"}],"predecessor-version":[{"id":306,"href":"https:\/\/site.griechischeschule-zuerich.ch\/index.php\/wp-json\/wp\/v2\/pages\/90\/revisions\/306"}],"wp:attachment":[{"href":"https:\/\/site.griechischeschule-zuerich.ch\/index.php\/wp-json\/wp\/v2\/media?parent=90"}],"curies":[{"name":"wp","href":"https:\/\/api.w.org\/{rel}","templated":true}]}}